{"id":4665,"date":"2014-10-29T22:38:26","date_gmt":"2014-10-29T22:38:26","guid":{"rendered":"http:\/\/sp1lubomierz.pl\/?page_id=4665"},"modified":"2025-12-21T20:12:51","modified_gmt":"2025-12-21T19:12:51","slug":"innowacja","status":"publish","type":"page","link":"https:\/\/sp1lubomierz.pl\/?page_id=4665","title":{"rendered":"Innowacje pedagogiczne"},"content":{"rendered":"<h3 style=\"text-align: center;\"><span style=\"text-decoration: underline; color: #ff0000;\">Rok szkolny 2025\/2026<\/span><\/h3>\n<h3 style=\"text-align: center;\"><strong>Innowacja pedagogiczna \u201eAI &#8211; baw si\u0119 i ucz!\u201d<br \/>\nrok szk. 2025\/2026, oddzia\u0142y przedszkolne &#8211; Renata O. Anna K., Anna B., Agnieszka W., Z. Wojtyczka<br \/>\n<\/strong><\/h3>\n<h3 style=\"text-align: center;\"><strong>Innowacja pedagogiczna \u201eEmocjonalne odkrycia &#8211; Innowacyjne podej\u015bcie do nauczania uczu\u0107\u201d rok szk. 2025\/2026, kl. IV \u2013 K. Chodarcewicz<\/strong><\/h3>\n<h3 style=\"text-align: center;\"><strong>Innowacja pedagogiczna \u201eKorzenie i skrzyd\u0142a- innowacja artystyczna\u201d<br \/>\nrok szk. 2025\/2026, kl. I-VIII \u2013 K. Wojtyczka, D. Wcis\u0142o<\/strong><\/h3>\n<h3 style=\"text-align: center;\"><span style=\"text-decoration: underline; color: #ff0000;\">Rok szkolny 2024\/2025<\/span><\/h3>\n<h3 style=\"text-align: center;\"><strong>Innowacja pedagogiczna \u201eMatematyczne podr\u00f3\u017ce\u201d <\/strong><strong>rok szk. 2024\/2025, <\/strong><strong>kl. VII &#8211; S. Zapa\u0142a-Malec, E. Drabik<\/strong><\/h3>\n<h3 style=\"text-align: center;\"><strong>Innowacja pedagogiczna \u201eOdkrywanie przez dzia\u0142anie \u2013 do\u015bwiadczenia, eksperymenty, obserwacje przyrodnicze\u201d<br \/>\nrok szk. 2024\/2025, \u015bwietlica &#8211; Z. Wojtyczka<\/strong><\/h3>\n<h3 style=\"text-align: center;\"><strong>Innowacja pedagogiczna&nbsp;\u201eMa\u0142o lat mam, chc\u0119 czyta\u0107 sam\u201d<br \/>\nrok szk. 2024\/2025, oddz. 0B (5-latki) \u2013 A. Ko\u0142odziejczyk<\/strong><\/h3>\n<h3 style=\"text-align: center;\"><strong>Innowacja pedagogiczna&nbsp;\u201eKolorowe \u015brody\u201d<br \/>\nrok szk. 2024\/2025, oddz. 0A (3,4-latki) \u2013 A. Babu\u015bka<\/strong><\/h3>\n<h3 style=\"text-align: center;\"><strong>Innowacja pedagogiczna \u201eMuzyczne podr\u00f3\u017ce z mow\u0105: Logopedia przez \u015bpiew i rytm\u201d<br \/>\nrok szk. 2024\/2025, oddz. 0B (5-latki) \u2013 D. Wcis\u0142o<\/strong><\/h3>\n<h3 style=\"text-align: center;\"><strong>Innowacja pedagogiczna \u201eEmocjonalne odkrycia\u201d<br \/>\nrok szk. 2024\/2025, kl. IV \u2013 K. Chodarcewicz<\/strong><\/h3>\n<h3 style=\"text-align: center;\"><span style=\"text-decoration: underline; color: #ff0000;\">Rok szkolny 2023\/2024<\/span><\/h3>\n<h3 style=\"text-align: center;\"><strong>Innowacja pedagogiczna \u201eZabawy sensoryczne w przedszkolu\u201d<br \/>\nrok szk. 2023\/2024, oddz. 0A (3-, 4-latki), oddz. 0C (6-latki) \u2013 A. W\u0105cha\u0142a, Z. Wojtyczka, R. Ogiela<\/strong><\/h3>\n<h3 style=\"text-align: center;\"><strong>Innowacja pedagogiczna&nbsp;\u201eMa\u0142o lat mam, chc\u0119 czyta\u0107 sam\u201d<br \/>\nrok szk. 2023\/2024, oddz. 0B (5-latki) \u2013 A. Ko\u0142odziejczyk<\/strong><\/h3>\n<h3 style=\"text-align: center;\"><strong>Innowacja pedagogiczna<\/strong> \u201eKultura j\u0119zyka na co dzie\u0144 i od \u015bwi\u0119ta\u201d<br \/>\nrok szk. 2023\/2024, kl. IV\u2013 K. Aksamit<\/h3>\n<h3 style=\"text-align: center;\">Innowacja pedagogiczna \u201eKsi\u0105\u017cka-moja przyjaci\u00f3\u0142ka\u201d<br \/>\nrok szk. 2023\/2024, kl. I-III&nbsp; K. Wojtyczka, K. Kolawa,<br \/>\nG. Dawiec, G. Ko\u0142odziejczyk<\/h3>\n<h3 style=\"text-align: center;\">&nbsp;<\/h3>\n<h3 style=\"text-align: center;\"><span style=\"text-decoration: underline; color: #ff0000;\">Rok szkolny 2022\/2023<\/span><\/h3>\n<h3 style=\"text-align: center;\"><strong><strong>Innowacja pedagogiczna<\/strong> &#8222;Ka\u017cdy ma sw\u00f3j dzie\u0144&#8221;<br \/>\nrok szk. 2022\/2023, oddz. 0A (3-, 4-latki) &#8211; A. W\u0105cha\u0142a, Z. Wojtyczka<\/strong><\/h3>\n<h3 style=\"text-align: center;\"><strong><strong>Innowacja pedagogiczna<\/strong> &#8222;Ma\u0142o lat mam, chc\u0119 czyta\u0107 sam&#8221;<br \/>\nrok szk. 2022\/2023, oddz. 0B (5-latki) &#8211; A. Ko\u0142odziejczyk<\/strong><\/h3>\n<h3 style=\"text-align: center;\"><strong>Innowacja pedagogiczna<\/strong> &#8222;Do biegu, gotowi, start!&#8221;<br \/>\nrok szk. 2022\/2023, oddz. 0C (6-latki) &#8211; R. Ogiela<\/h3>\n<h3 style=\"text-align: center;\">Innowacja pedagogiczna &#8222;Przyjaciele Przyrody&#8221;<br \/>\nrok szk. 2022\/2023, kl. I-III&nbsp; D. Wcis\u0142o, K. Wojtyczka, K. Kolawa,<br \/>\nG. Dawiec, G. Ko\u0142odziejczyk<\/h3>\n<h3 style=\"text-align: center;\"><span style=\"text-decoration: underline; color: #ff0000;\">Rok szkolny 2021\/2022<\/span><\/h3>\n<h3 style=\"text-align: center;\"><strong>&nbsp;Innowacja pedagogiczna<\/strong>&nbsp; &#8222;Ka\u017cdy ma sw\u00f3j dzie\u0144&#8221;<br \/>\nrok szk. 2021\/2022, oddz. 0A A. W\u0105cha\u0142a, K. M\u0142ynarczyk, A. Babu\u015bka<\/h3>\n<h3 style=\"text-align: center;\"><strong>&nbsp;Innowacja pedagogiczna<\/strong> &#8222;Ma\u0142o lat mam, chc\u0119 czyta\u0107 sam&#8221;<br \/>\nrok szk. 2021\/2022, oddz. 0B &#8211; A. Ko\u0142odziejczyk<\/h3>\n<h3 style=\"text-align: center;\">Innowacja pedagogiczna &#8222;Jeste\u015bmy chrze\u015bcijanami i patriotami.&#8221;<br \/>\nrok szk. 2021\/2022, kl. I-III&nbsp; D. Wcis\u0142o, K. Wojtyczka, K. Kolawa, G. Dawiec<\/h3>\n<h3 style=\"text-align: center;\"><span style=\"text-decoration: underline; color: #ff0000;\">Rok szkolny 2020\/2021<\/span><\/h3>\n<h3 style=\"text-align: center;\"><strong>&nbsp;Innowacja pedagogiczna&#8221;Wykorzystanie aplikacji i gier w nauce j\u0119zyka angielskiego i niemieckiego&#8221;<br \/>\nrok szk. 2020\/2021<\/strong><\/h3>\n<h3 style=\"text-align: center;\"><strong>Innowacja pedagogiczna &#8222;Z matematyk\u0105 przez \u015bwiat&#8221; &nbsp;<\/strong><br \/>\n<strong>rok szk. 2020\/2021<\/strong><\/h3>\n<h3 style=\"text-align: center;\"><span style=\"text-decoration: underline; color: #ff0000;\">Rok szkolny <strong>2019\/2020 i 2020\/2021<\/strong><\/span><\/h3>\n<h3 style=\"text-align: center;\"><strong>Innowacja pedagogiczna &#8222;Pi\u0119kna Nasza Polska Ca\u0142a&#8221;<br \/>\nrok szk. 2019\/2020 i 2020\/2021<\/strong><\/h3>\n<h3 style=\"text-align: center;\"><strong>Innowacja pedagogiczna&nbsp; &#8222;Ma\u0142y Mi\u015b w \u015bwiecie literatury&#8221;<br \/>\nrok szk. 2019\/2020 i 2020\/2021<\/strong><\/h3>\n<h3 style=\"text-align: center;\"><span style=\"text-decoration: underline; color: #ff0000;\">Rok szkolny 2018\/2019<\/span><\/h3>\n<h3 style=\"text-align: center;\">Innowacja pedagogiczna &#8222;Bliskie spotkanie z histori\u0105 &#8211; ocali\u0107 od zapomnienia&#8221;<br \/>\nrok szk. 2018\/2019<\/h3>\n<h3 style=\"text-align: center;\"><span style=\"text-decoration: underline; color: #ff0000;\">Rok szkolny 2017\/2018<\/span><\/h3>\n<h3 style=\"text-align: center;\"><a href=\"http:\/\/sp1lubomierz.pl\/?page_id=26059\">Innowacja pedagogiczna z&nbsp; elementami gimnastyki korekcyjnej<br \/>\n\u201eRuch to zdrowie\u201d<\/a><br \/>\n<a href=\"http:\/\/sp1lubomierz.pl\/?page_id=26059\"> rok szk.&nbsp; 2017\/2018<\/a><\/h3>\n<h3 style=\"text-align: center;\"><span style=\"text-decoration: underline; color: #ff0000;\">Rok szkolny 2016\/2017<\/span><\/h3>\n<h3 style=\"text-align: center;\"><a href=\"http:\/\/sp1lubomierz.pl\/wp-content\/uploads\/2014\/10\/Innowacja-\u201eCh\u0119tnie-czytam-sam-wiadomo\u015bci-nowe-mam\u201d.pdf\">Innowacja pedagogiczna &#8222;Ch\u0119tnie czytam sam, wiadomo\u015bci nowe mam&#8221;<br \/>\nrok szk. 2016\/2017<\/a><\/h3>\n<h3 style=\"text-align: center;\"><a href=\"http:\/\/sp1lubomierz.pl\/wp-content\/uploads\/2014\/10\/innowacja-teatralna-1.pdf\">Innowacja pedagogiczna &#8222;TEATR to nie tylko maski i kostiumy.<br \/>\nTEATR to \u017cycie t\u0119tni\u0105ce na scenie&#8221;<br \/>\nrok szk. 2016\/2017<\/a><\/h3>\n<h3 style=\"text-align: center;\"><span style=\"text-decoration: underline; color: #ff0000;\">Rok szkolny 2015\/2016 i 2016\/2017<br \/>\n<\/span><\/h3>\n<h3 style=\"text-align: center;\"><a href=\"http:\/\/sp1lubomierz.pl\/wp-content\/uploads\/2014\/10\/innowacja-plan-graf..pdf\">Innowacja pedagogiczna &#8222;Pisa\u0107 pi\u0119knie umiem, ortografi\u0119 te\u017c rozumiem&#8221;<br \/>\nrok szk. 2015\/2016, 2016\/2017<\/a><\/h3>\n<h3 style=\"text-align: center;\"><a href=\"http:\/\/sp1lubomierz.pl\/wp-content\/uploads\/2014\/10\/Uczymy-si\u0119-nie-dla-szko\u0142y-lecz-dla-\u017cycia.pdf\">Innowacja pedagogiczna &#8222;Uczymy si\u0119 nie dla szko\u0142y lecz dla \u017cycia&#8221;<br \/>\nrok szk. 2015\/2016<\/a><\/h3>\n<h3 style=\"text-align: center;\"><span style=\"text-decoration: underline; color: #ff0000;\">Rok szkolny 2014\/2015<\/span><\/h3>\n<h3 style=\"text-align: center;\"><a href=\"http:\/\/sp1lubomierz.pl\/?page_id=4855\">Innowacja pedagogiczna \u201eMa\u0142y chwat poznaje i chroni \u015bwiat<\/a><a href=\"http:\/\/sp1lubomierz.pl\/?page_id=5014\"><strong>\u201d<br \/>\nrok szk. 2014\/2015<\/strong><\/a><\/h3>\n<h3 style=\"text-align: center;\"><a href=\"http:\/\/sp1lubomierz.pl\/?page_id=5014\"><strong>Innowacja pedagogiczna \u201eMoje serce \u015bpiewa, tworzy i gra.<br \/>\nMoje serce &#8211; dzi\u0119ki temu &#8211; dusz\u0119 ma\u201d<br \/>\nrok szk. 2014\/2015<\/strong><\/a><\/h3>\n<h3>&nbsp;<\/h3>\n","protected":false},"excerpt":{"rendered":"<p>Rok szkolny 2025\/2026 Innowacja pedagogiczna \u201eAI &#8211; baw si\u0119 i ucz!\u201d rok szk. 2025\/2026, oddzia\u0142y przedszkolne &#8211; Renata O. Anna K., Anna B., Agnieszka W., Z. Wojtyczka Innowacja pedagogiczna \u201eEmocjonalne odkrycia &#8211; Innowacyjne podej\u015bcie do nauczania uczu\u0107\u201d rok szk. 2025\/2026, kl. IV \u2013 K. Chodarcewicz Innowacja pedagogiczna \u201eKorzenie i skrzyd\u0142a- innowacja artystyczna\u201d rok szk. 2025\/2026, [&hellip;]<\/p>\n","protected":false},"author":1,"featured_media":0,"parent":0,"menu_order":0,"comment_status":"closed","ping_status":"open","template":"","meta":{"ngg_post_thumbnail":0,"footnotes":""},"class_list":["post-4665","page","type-page","status-publish","hentry"],"_links":{"self":[{"href":"https:\/\/sp1lubomierz.pl\/index.php?rest_route=\/wp\/v2\/pages\/4665","targetHints":{"allow":["GET"]}}],"collection":[{"href":"https:\/\/sp1lubomierz.pl\/index.php?rest_route=\/wp\/v2\/pages"}],"about":[{"href":"https:\/\/sp1lubomierz.pl\/index.php?rest_route=\/wp\/v2\/types\/page"}],"author":[{"embeddable":true,"href":"https:\/\/sp1lubomierz.pl\/index.php?rest_route=\/wp\/v2\/users\/1"}],"replies":[{"embeddable":true,"href":"https:\/\/sp1lubomierz.pl\/index.php?rest_route=%2Fwp%2Fv2%2Fcomments&post=4665"}],"version-history":[{"count":35,"href":"https:\/\/sp1lubomierz.pl\/index.php?rest_route=\/wp\/v2\/pages\/4665\/revisions"}],"predecessor-version":[{"id":49226,"href":"https:\/\/sp1lubomierz.pl\/index.php?rest_route=\/wp\/v2\/pages\/4665\/revisions\/49226"}],"wp:attachment":[{"href":"https:\/\/sp1lubomierz.pl\/index.php?rest_route=%2Fwp%2Fv2%2Fmedia&parent=4665"}],"curies":[{"name":"wp","href":"https:\/\/api.w.org\/{rel}","templated":true}]}}